{"id":3882,"date":"2019-04-29T18:15:32","date_gmt":"2019-04-29T16:15:32","guid":{"rendered":"https:\/\/www.mado.de\/datenschutzerklaerung\/"},"modified":"2025-03-18T14:18:09","modified_gmt":"2025-03-18T13:18:09","slug":"politique-de-confidentialite","status":"publish","type":"page","link":"https:\/\/www.mado.de\/fr\/politique-de-confidentialite\/","title":{"rendered":"Politique de confidentialit\u00e9"},"content":{"rendered":"<p>[et_pb_section fb_built=\u00a0\u00bb1&Prime; _builder_version=\u00a0\u00bb4.16&Prime; custom_padding=\u00a0\u00bb99px|0px|100px|0px|false|false\u00a0\u00bb global_colors_info=\u00a0\u00bb{}\u00a0\u00bb][et_pb_row _builder_version=\u00a0\u00bb4.16&Prime; background_size=\u00a0\u00bbinitial\u00a0\u00bb background_position=\u00a0\u00bbtop_left\u00a0\u00bb background_repeat=\u00a0\u00bbrepeat\u00a0\u00bb global_colors_info=\u00a0\u00bb{}\u00a0\u00bb][et_pb_column type=\u00a0\u00bb4_4&Prime; _builder_version=\u00a0\u00bb4.16&Prime; custom_padding=\u00a0\u00bb|||\u00a0\u00bb global_colors_info=\u00a0\u00bb{}\u00a0\u00bb custom_padding__hover=\u00a0\u00bb|||\u00a0\u00bb][et_pb_text module_class=\u00a0\u00bbborder-left-top\u00a0\u00bb _builder_version=\u00a0\u00bb4.19.4&Prime; hover_enabled=\u00a0\u00bb0&Prime; z_index_tablet=\u00a0\u00bb500&Prime; global_colors_info=\u00a0\u00bb{}\u00a0\u00bb sticky_enabled=\u00a0\u00bb0&Prime;]<\/p>\n<h1 class=\"csc-firstHeader\">D\u00e9claration de Confidentialit\u00e9<\/h1>\n<p>[\/et_pb_text][et_pb_text _builder_version=\u00a0\u00bb4.19.4&Prime; hover_enabled=\u00a0\u00bb0&Prime; global_colors_info=\u00a0\u00bb{}\u00a0\u00bb sticky_enabled=\u00a0\u00bb0&Prime;]<\/p>\n<p>Cette d\u00e9claration de confidentialit\u00e9 s&rsquo;applique aux<strong> visiteurs de nos sites Web<\/strong>, \u00e0 notre <strong>pr\u00e9sence sur les r\u00e9seaux sociaux<\/strong> et \u00e0 la <strong>gestion g\u00e9n\u00e9rale des donn\u00e9es de nos partenaires commerciaux, prospects et candidats<\/strong>.<\/p>\n<p>[\/et_pb_text][et_pb_text _builder_version=\u00a0\u00bb4.19.4&Prime; hover_enabled=\u00a0\u00bb0&Prime; global_colors_info=\u00a0\u00bb{}\u00a0\u00bb sticky_enabled=\u00a0\u00bb0&Prime;]<\/p>\n<h6>1. Aper\u00e7u de la protection des donn\u00e9es<\/h6>\n<p><strong>Informations g\u00e9n\u00e9rales<\/strong><br \/>Les informations suivantes donnent un aper\u00e7u clair de ce qui se passe avec vos donn\u00e9es personnelles lorsque vous visitez ce site Web. Les donn\u00e9es personnelles sont toutes les donn\u00e9es permettant de vous identifier personnellement. Vous trouverez des informations d\u00e9taill\u00e9es sur la protection des donn\u00e9es dans la pr\u00e9sente d\u00e9claration de confidentialit\u00e9.<\/p>\n<p><strong>Collecte des donn\u00e9es sur ce site Web<\/strong><br \/>Qui est responsable de la collecte des donn\u00e9es sur ce site Web ?<br \/>Le traitement des donn\u00e9es sur ce site est effectu\u00e9 par l&rsquo;exploitant du site. Ses coordonn\u00e9es sont disponibles dans la section \u00ab\u00a0Responsable du traitement\u00a0\u00bb.<\/p>\n<p>Comment collectons-nous vos donn\u00e9es ?<br \/>Vos donn\u00e9es sont collect\u00e9es lorsque vous nous les communiquez, par exemple en remplissant un formulaire de contact.<\/p>\n<p>D&rsquo;autres donn\u00e9es sont automatiquement enregistr\u00e9es par nos syst\u00e8mes informatiques ou apr\u00e8s votre consentement lors de votre visite sur le site Web. Il s&rsquo;agit principalement de donn\u00e9es techniques (navigateur Internet, syst\u00e8me d&rsquo;exploitation, heure de consultation). Cette collecte se fait automatiquement d\u00e8s que vous acc\u00e9dez \u00e0 notre site Web.<\/p>\n<p>Pourquoi utilisons-nous vos donn\u00e9es ?<br \/>Une partie des donn\u00e9es est recueillie pour assurer un affichage sans erreur du site Web. D&rsquo;autres peuvent \u00eatre utilis\u00e9es pour analyser votre comportement d&rsquo;utilisateur. Si des contrats peuvent \u00eatre conclus via le site Web, les donn\u00e9es transmises sont \u00e9galement trait\u00e9es \u00e0 des fins de propositions contractuelles, de commandes ou de demandes de renseignements.<\/p>\n<p>Quels sont vos droits concernant vos donn\u00e9es ?<br \/>Vous avez le droit d&rsquo;obtenir gratuitement des informations sur l&rsquo;origine, les destinataires et l&rsquo;utilisation de vos donn\u00e9es personnelles stock\u00e9es. Vous avez \u00e9galement le droit de demander la correction ou la suppression de ces donn\u00e9es. Si vous avez donn\u00e9 votre consentement au traitement des donn\u00e9es, vous pouvez le r\u00e9voquer \u00e0 tout moment. Vous avez en outre le droit de demander, sous certaines conditions, la limitation du traitement de vos donn\u00e9es personnelles.<\/p>\n<p>Enfin, vous avez le droit de d\u00e9poser une plainte aupr\u00e8s de l&rsquo;autorit\u00e9 de surveillance comp\u00e9tente.<\/p>\n<p>[\/et_pb_text][et_pb_text _builder_version=\u00a0\u00bb4.19.4&Prime; hover_enabled=\u00a0\u00bb0&Prime; global_colors_info=\u00a0\u00bb{}\u00a0\u00bb sticky_enabled=\u00a0\u00bb0&Prime;]<\/p>\n<h6>2. H\u00e9bergement<\/h6>\n<p><strong>H\u00e9bergement externe<\/strong><br \/>Ce site Web est h\u00e9berg\u00e9 par un prestataire externe. Les donn\u00e9es personnelles collect\u00e9es sur ce site sont stock\u00e9es sur les serveurs de l&rsquo;h\u00e9bergeur. Cela inclut notamment les adresses IP, les demandes de contact, les m\u00e9tadonn\u00e9es et communications, ainsi que les donn\u00e9es contractuelles et d&rsquo;acc\u00e8s au site Web.<br \/>L&rsquo;h\u00e9bergement externe est r\u00e9alis\u00e9 afin d&rsquo;ex\u00e9cuter les contrats avec nos clients potentiels et existants (article 6, paragraphe 1, point b du RGPD) et dans l&rsquo;int\u00e9r\u00eat d&rsquo;une mise \u00e0 disposition s\u00e9curis\u00e9e, rapide et efficace de notre offre en ligne par un prestataire professionnel (article 6, paragraphe 1, point f du RGPD).<br \/>Si un consentement a \u00e9t\u00e9 demand\u00e9, le traitement est effectu\u00e9 exclusivement sur la base de l&rsquo;article 6, paragraphe 1, point a du RGPD et de l&rsquo;article 25, paragraphe 1 du TDDDG, dans la mesure o\u00f9 le consentement couvre le stockage de cookies ou l&rsquo;acc\u00e8s aux informations sur l&rsquo;appareil de l&rsquo;utilisateur (ex. : empreinte num\u00e9rique). Le consentement peut \u00eatre r\u00e9voqu\u00e9 \u00e0 tout moment.<\/p>\n<p>L&rsquo;h\u00e9bergement externe est n\u00e9cessaire pour ex\u00e9cuter nos obligations contractuelles vis-\u00e0-vis de nos clients et assurer une mise \u00e0 disposition rapide et s\u00e9curis\u00e9e de notre offre en ligne.<\/p>\n<p>[\/et_pb_text][et_pb_text _builder_version=\u00a0\u00bb4.19.4&Prime; hover_enabled=\u00a0\u00bb0&Prime; global_colors_info=\u00a0\u00bb{}\u00a0\u00bb sticky_enabled=\u00a0\u00bb0&Prime;]<\/p>\n<h6>\u200b3. Informations g\u00e9n\u00e9rales et obligatoires<\/h6>\n<p><strong>Protection des donn\u00e9es<\/strong><br \/>Nous prenons tr\u00e8s au s\u00e9rieux la protection de vos donn\u00e9es personnelles. Nous les traitons de mani\u00e8re confidentielle, conform\u00e9ment aux r\u00e8glementations en vigueur.<\/p>\n<p>Lorsque vous utilisez ce site Web, diverses donn\u00e9es personnelles sont collect\u00e9es. Les donn\u00e9es personnelles sont des informations permettant de vous identifier personnellement. La pr\u00e9sente politique de confidentialit\u00e9 explique quelles donn\u00e9es nous collectons, comment nous les utilisons et dans quel but.<\/p>\n<p>Nous rappelons que la transmission de donn\u00e9es sur Internet (par ex. via e-mail) peut pr\u00e9senter des failles de s\u00e9curit\u00e9. Une protection compl\u00e8te contre l&rsquo;acc\u00e8s de tiers n&rsquo;est pas possible.<\/p>\n<p><strong>Responsable du traitement<\/strong><br \/>L&rsquo;entit\u00e9 responsable du traitement des donn\u00e9es sur ce site Web est :<\/p>\n<p><em>MADO GmbH<\/em><br \/>Maybachstra\u00dfe 1<br \/>72175 Dornhan<br \/>Allemagne<\/p>\n<p>Tel.: +49 7455 931-0<br \/>Fax: +49 7455 22 63<br \/>E-Mail: <a href=\"mailto:%20info@mado.de\">info@mado.de<\/a><\/p>\n<p>Le responsable du traitement est la personne physique ou morale qui d\u00e9cide seule ou conjointement des finalit\u00e9s et des moyens du traitement des donn\u00e9es personnelles.<\/p>\n<p><strong>Dur\u00e9e de conservation des donn\u00e9es<\/strong><br \/>Sauf indication contraire dans la pr\u00e9sente politique de confidentialit\u00e9, vos donn\u00e9es personnelles restent enregistr\u00e9es chez nous jusqu&rsquo;\u00e0 ce que leur traitement ne soit plus n\u00e9cessaire. Si vous demandez la suppression de vos donn\u00e9es ou r\u00e9voquez votre consentement \u00e0 leur traitement, celles-ci seront supprim\u00e9es, \u00e0 condition qu&rsquo;aucune autre obligation l\u00e9gale ne nous oblige \u00e0 les conserver (ex. : obligations fiscales ou commerciales). Dans ce dernier cas, la suppression interviendra une fois ces obligations expir\u00e9es.<\/p>\n<p><strong>Bases juridiques du traitement des donn\u00e9es sur ce site Web<\/strong><br \/>Si vous avez consenti au traitement de vos donn\u00e9es personnelles, nous les traitons sur la base de l&rsquo;article 6, paragraphe 1, point a du RGPD, ou de l&rsquo;article 9, paragraphe 2, point a du RGPD pour les cat\u00e9gories particuli\u00e8res de donn\u00e9es. En cas de consentement explicite au transfert de donn\u00e9es personnelles vers un pays tiers, le traitement repose \u00e9galement sur l&rsquo;article 49, paragraphe 1, point a du RGPD. Si vous avez consenti \u00e0 l&rsquo;utilisation de cookies ou \u00e0 l&rsquo;acc\u00e8s \u00e0 certaines informations sur votre appareil (ex. : empreinte num\u00e9rique), le traitement est \u00e9galement bas\u00e9 sur l&rsquo;article 25, paragraphe 1, du TDDDG. Vous pouvez retirer votre consentement \u00e0 tout moment. Si vos donn\u00e9es sont n\u00e9cessaires \u00e0 l\u2019ex\u00e9cution d\u2019un contrat ou \u00e0 la prise de mesures pr\u00e9contractuelles, nous les traitons sur la base de l&rsquo;article 6, paragraphe 1, point b du RGPD. Si leur traitement est requis pour se conformer \u00e0 une obligation l\u00e9gale, il repose sur l&rsquo;article 6, paragraphe 1, point c du RGPD. Enfin, le traitement peut \u00e9galement \u00eatre bas\u00e9 sur notre int\u00e9r\u00eat l\u00e9gitime, conform\u00e9ment \u00e0 l&rsquo;article 6, paragraphe 1, point f du RGPD. Les bases l\u00e9gales applicables dans chaque cas particulier sont pr\u00e9cis\u00e9es dans les paragraphes suivants de cette d\u00e9claration de protection des donn\u00e9es.<\/p>\n<p><strong>D\u00e9l\u00e9gu\u00e9 \u00e0 la protection des donn\u00e9es<\/strong><br \/>Nous avons d\u00e9sign\u00e9 un d\u00e9l\u00e9gu\u00e9 \u00e0 la protection des donn\u00e9es :<\/p>\n<p><strong>Edmund Hilt, hilt evolution<\/strong><br \/>Nelkenstra\u00dfe 36<br \/>71272 Renningen<\/p>\n<p>T\u00e9l\u00e9phone : +49 7159 49647-67<br \/>Fax : +49 7159 49647-68<br \/>E-mail : datenschutz@hilt-evolution.com<\/p>\n<p><strong>Destinataires des donn\u00e9es personnelles<\/strong><br \/>Dans le cadre de nos activit\u00e9s, nous travaillons avec divers partenaires externes. Le transfert de donn\u00e9es personnelles \u00e0 ces partenaires peut \u00eatre n\u00e9cessaire dans certains cas.<br \/>Nous ne transmettons vos donn\u00e9es personnelles \u00e0 des tiers que si cela est requis pour l&rsquo;ex\u00e9cution d&rsquo;un contrat, en vertu d&rsquo;une obligation l\u00e9gale (ex. : transmission aux autorit\u00e9s fiscales), en raison d\u2019un int\u00e9r\u00eat l\u00e9gitime (article 6, paragraphe 1, point f du RGPD) ou si une autre base l\u00e9gale l\u2019autorise. Lorsque nous faisons appel \u00e0 des sous-traitants, le transfert de donn\u00e9es est r\u00e9alis\u00e9 sur la base d&rsquo;un contrat de sous-traitance conforme au RGPD. En cas de traitement conjoint, un accord de traitement conjoint est conclu.<\/p>\n<p><strong>R\u00e9vocation de votre consentement au traitement des donn\u00e9es<\/strong><br \/>Certains traitements ne sont possibles qu\u2019avec votre consentement explicite. Vous pouvez le r\u00e9voquer \u00e0 tout moment, sans effet r\u00e9troactif sur la l\u00e9galit\u00e9 des traitements d\u00e9j\u00e0 effectu\u00e9s.<\/p>\n<p><strong>Droit d\u2019opposition au traitement des donn\u00e9es dans certains cas (article 21 RGPD)<\/strong><br \/>SI LE TRAITEMENT REPOSE SUR L\u2019ARTICLE 6, PARAGRAPHE 1, POINT E OU F DU RGPD, VOUS AVEZ LE DROIT DE VOUS OPPOSER A TOUT MOMENT AU TRAITEMENT DE VOS DONNEES POUR DES RAISONS LIEES A VOTRE SITUATION PARTICULIERE. CELA S&rsquo;APPLIQUE EGALEMENT A UN PROFILAGE FONDE SUR CES DISPOSITIONS. LES BASES JURIDIQUES SPECIFIQUES A CHAQUE TRAITEMENT SONT INDIQUEES DANS CETTE POLITIQUE DE CONFIDENTIALITE.<br \/>SI VOUS VOUS OPPOSEZ AU TRAITEMENT, NOUS CESSERONS D\u2019UTILISER VOS DONNEES PERSONNELLES, SAUF SI NOUS POUVONS DEMONTRER DES MOTIFS IMPERIEUX JUSTIFIANT LEUR TRAITEMENT, QUI PREVALENT SUR VOS DROITS ET LIBERTES, OU SI LEUR TRAITEMENT EST NECESSAIRE A LA CONSTATATION, L\u2019EXERCICE OU LA DEFENSE DE DROITS EN JUSTICE (ARTICLE 21, PARAGRAPHE 1 DU RGPD).<br \/>SI VOS DONNEES SONT TRAITEES A DES FINS DE PROSPECTION, VOUS POUVEZ VOUS OPPOSER A LEUR TRAITEMENT A TOUT MOMENT. CELA INCLUT LE PROFILAGE UTILISE A DES FINS PUBLICITAIRES. APRES OPPOSITION, VOS DONNEES NE SERONT PLUS UTILISEES A CES FINS (ARTICLE 21, PARAGRAPHE 2 DU RGPD).<\/p>\n<p><strong>Droit de r\u00e9clamation aupr\u00e8s de l\u2019autorit\u00e9 de contr\u00f4le<\/strong><br \/>En cas de violation du RGPD, vous avez le droit de d\u00e9poser une r\u00e9clamation aupr\u00e8s d\u2019une autorit\u00e9 de contr\u00f4le, en particulier dans l\u2019\u00c9tat membre de votre r\u00e9sidence habituelle, de votre lieu de travail ou du lieu o\u00f9 l\u2019infraction aurait \u00e9t\u00e9 commise. Ce droit est sans pr\u00e9judice de tout autre recours administratif ou judiciaire.<\/p>\n<p><strong>Droit \u00e0 la portabilit\u00e9 des donn\u00e9es<\/strong><br \/>Vous avez le droit de recevoir les donn\u00e9es trait\u00e9es de mani\u00e8re automatis\u00e9e sur la base de votre consentement ou en ex\u00e9cution d\u2019un contrat, dans un format lisible par machine, ou de les transf\u00e9rer directement \u00e0 un autre responsable du traitement si cela est techniquement possible.<\/p>\n<p><strong>Acc\u00e8s, rectification et suppression des donn\u00e9es<\/strong><br \/>Vous pouvez, \u00e0 tout moment et gratuitement, demander des informations sur vos donn\u00e9es personnelles stock\u00e9es, leur origine, leur destinataire et leur finalit\u00e9. Vous avez \u00e9galement le droit de demander la correction ou la suppression de ces donn\u00e9es, sauf si des obligations l\u00e9gales nous imposent de les conserver.<\/p>\n<p><strong>Droit \u00e0 la limitation du traitement<\/strong><br \/>Vous pouvez demander la limitation du traitement de vos donn\u00e9es dans les cas suivants :<br \/>\u2022 Si vous contestez l&rsquo;exactitude des donn\u00e9es personnelles que nous avons enregistr\u00e9es \u00e0 votre sujet, nous avons g\u00e9n\u00e9ralement besoin de temps pour effectuer une v\u00e9rification. Pendant la dur\u00e9e de cette v\u00e9rification, vous avez le droit de demander la limitation du traitement de vos donn\u00e9es personnelles.<br \/>\u2022 Si le traitement de vos donn\u00e9es personnelles a \u00e9t\u00e9 ou est effectu\u00e9 de mani\u00e8re ill\u00e9gale, vous pouvez demander la limitation du traitement des donn\u00e9es au lieu de leur suppression.<br \/>\u2022 Si nous n\u2019avons plus besoin de vos donn\u00e9es personnelles, mais que vous en avez besoin pour l\u2019exercice, la d\u00e9fense ou la revendication de droits l\u00e9gaux, vous avez le droit de demander la limitation du traitement de vos donn\u00e9es personnelles au lieu de leur suppression.<br \/>\u2022 Si vous avez fait opposition conform\u00e9ment \u00e0 l\u2019article 21, paragraphe 1, du RGPD, une balance des int\u00e9r\u00eats entre les v\u00f4tres et les n\u00f4tres doit \u00eatre effectu\u00e9e. Tant qu&rsquo;il n&rsquo;a pas \u00e9t\u00e9 d\u00e9termin\u00e9 quels int\u00e9r\u00eats pr\u00e9valent, vous avez le droit de demander la limitation du traitement de vos donn\u00e9es personnelles.<\/p>\n<p>Si vous avez limit\u00e9 le traitement de vos donn\u00e9es personnelles, celles-ci ne peuvent \u00eatre trait\u00e9es \u2013 \u00e0 l\u2019exception de leur stockage \u2013 qu\u2019avec votre consentement, ou pour la constatation, l\u2019exercice ou la d\u00e9fense de droits en justice, pour la protection des droits d\u2019une autre personne physique ou morale, ou pour des raisons d\u2019int\u00e9r\u00eat public important de l\u2019Union europ\u00e9enne ou d\u2019un \u00c9tat membre.<\/p>\n<p><strong>Chiffrement SSL\/TLS<\/strong><br \/>Ce site utilise le chiffrement SSL ou TLS pour s\u00e9curiser la transmission des informations confidentielles (ex. : commandes, demandes de contact). Une connexion chiffr\u00e9e est identifiable par \u00ab https:\/\/ \u00bb dans la barre d\u2019adresse du navigateur et par l\u2019ic\u00f4ne de cadenas.<\/p>\n<p>Avec le chiffrement SSL\/TLS activ\u00e9, les donn\u00e9es transmises ne peuvent pas \u00eatre intercept\u00e9es par des tiers.<\/p>\n<p>[\/et_pb_text][et_pb_text _builder_version=\u00a0\u00bb4.19.4&Prime; hover_enabled=\u00a0\u00bb0&Prime; global_colors_info=\u00a0\u00bb{}\u00a0\u00bb sticky_enabled=\u00a0\u00bb0&Prime;]<\/p>\n<h6>4. Collecte des donn\u00e9es sur ce site Web<\/h6>\n<p><strong>Cookies<\/strong><br \/>Nos pages Internet utilisent des \u00ab cookies \u00bb. Les cookies sont de petits fichiers de donn\u00e9es qui ne causent aucun dommage \u00e0 votre appareil. Ils sont soit stock\u00e9s temporairement pour la dur\u00e9e d\u2019une session (cookies de session), soit conserv\u00e9s de mani\u00e8re permanente (cookies persistants) sur votre appareil. Les cookies de session sont automatiquement supprim\u00e9s \u00e0 la fin de votre visite. Les cookies persistants restent enregistr\u00e9s sur votre appareil jusqu\u2019\u00e0 ce que vous les supprimiez manuellement ou qu\u2019une suppression automatique soit effectu\u00e9e par votre navigateur Web.<\/p>\n<p>Les cookies peuvent \u00eatre plac\u00e9s par nous (cookies internes) ou par des tiers (cookies tiers). Les cookies tiers permettent d\u2019int\u00e9grer certains services de prestataires externes sur nos pages Web (par exemple, des cookies pour le traitement des paiements).<\/p>\n<p>Les cookies remplissent diff\u00e9rentes fonctions. De nombreux cookies sont techniquement n\u00e9cessaires, car certaines fonctionnalit\u00e9s du site Web ne peuvent pas fonctionner sans eux (par exemple, la fonction panier d\u2019achat ou l\u2019affichage de vid\u00e9os). D\u2019autres cookies peuvent \u00eatre utilis\u00e9s pour analyser le comportement des utilisateurs ou \u00e0 des fins publicitaires.<\/p>\n<p>Les cookies n\u00e9cessaires au bon fonctionnement des communications \u00e9lectroniques, \u00e0 la fourniture de certaines fonctionnalit\u00e9s demand\u00e9es par l\u2019utilisateur (par exemple, la fonction panier d\u2019achat) ou \u00e0 l\u2019optimisation du site Web (par exemple, pour mesurer l\u2019audience du site) sont stock\u00e9s sur la base de l\u2019article 6, paragraphe 1, point f du RGPD, sauf si une autre base juridique est sp\u00e9cifi\u00e9e.<\/p>\n<p>L\u2019exploitant du site Web a un int\u00e9r\u00eat l\u00e9gitime \u00e0 stocker les cookies n\u00e9cessaires pour assurer une mise \u00e0 disposition optimale et sans erreur technique de ses services. Si un consentement a \u00e9t\u00e9 demand\u00e9 pour le stockage des cookies ou l\u2019utilisation de technologies similaires de reconnaissance, le traitement repose exclusivement sur ce consentement (article 6, paragraphe 1, point a du RGPD et article 25, paragraphe 1 du TDDDG) ; le consentement peut \u00eatre r\u00e9voqu\u00e9 \u00e0 tout moment.<\/p>\n<p>Vous pouvez configurer votre navigateur pour \u00eatre inform\u00e9 de l\u2019installation de cookies, autoriser les cookies uniquement au cas par cas, exclure l\u2019acceptation des cookies dans certains cas ou de mani\u00e8re g\u00e9n\u00e9rale, et activer la suppression automatique des cookies \u00e0 la fermeture du navigateur. Si vous d\u00e9sactivez les cookies, la fonctionnalit\u00e9 de ce site Web pourrait \u00eatre limit\u00e9e.<br \/>Les cookies et services utilis\u00e9s sur ce site Web sont d\u00e9taill\u00e9s dans cette politique de confidentialit\u00e9.<\/p>\n<p><strong>Consentement avec Borlabs Cookie<\/strong><br \/>Notre site Web utilise la technologie de consentement de Borlabs Cookie afin d&rsquo;obtenir votre accord pour le stockage de certains cookies dans votre navigateur ou pour l&rsquo;utilisation de certaines technologies, et de documenter ces consentements conform\u00e9ment aux r\u00e9glementations sur la protection des donn\u00e9es. Le fournisseur de cette technologie est Borlabs GmbH, R\u00fcbenkamp 32, 22305 Hambourg (ci-apr\u00e8s \u00ab Borlabs \u00bb).<\/p>\n<p>Lorsque vous acc\u00e9dez \u00e0 notre site Web, un cookie Borlabs est stock\u00e9 dans votre navigateur. Ce cookie enregistre les consentements que vous avez donn\u00e9s ou leur retrait. Ces donn\u00e9es ne sont pas transmises au fournisseur de Borlabs Cookie. Les donn\u00e9es collect\u00e9es sont conserv\u00e9es jusqu&rsquo;\u00e0 ce que vous demandiez leur suppression, supprimiez vous-m\u00eame le cookie Borlabs ou que le but de leur stockage cesse d&rsquo;exister. Les d\u00e9lais de conservation l\u00e9gaux obligatoires restent inchang\u00e9s. Vous trouverez plus de d\u00e9tails sur le traitement des donn\u00e9es par Borlabs Cookie \u00e0 l\u2019adresse suivante :<br \/><a href=\"https:\/\/de.borlabs.io\/kb\/welche-daten-speichert-borlabs-cookie\/\">https:\/\/de.borlabs.io\/kb\/welche-daten-speichert-borlabs-cookie\/<\/a>.<\/p>\n<p>L&rsquo;utilisation de la technologie Borlabs Cookie a pour objectif d&rsquo;obtenir les consentements l\u00e9galement requis pour l&rsquo;utilisation des cookies. La base juridique de ce traitement est l&rsquo;article 6, paragraphe 1, point c du RGPD.<\/p>\n<p><strong>Formulaire de contact<\/strong><br \/>Si vous nous envoyez une demande via le formulaire de contact, les informations saisies, y compris vos coordonn\u00e9es, seront enregistr\u00e9es chez nous afin de traiter votre demande et d\u2019\u00e9ventuelles questions ult\u00e9rieures. Ces donn\u00e9es ne seront pas transmises \u00e0 des tiers sans votre consentement.<\/p>\n<p>Le traitement de ces donn\u00e9es est bas\u00e9 sur l\u2019article 6, paragraphe 1, point b du RGPD, si votre demande est li\u00e9e \u00e0 l\u2019ex\u00e9cution d\u2019un contrat ou est n\u00e9cessaire \u00e0 la mise en \u0153uvre de mesures pr\u00e9contractuelles. Dans tous les autres cas, le traitement repose sur notre int\u00e9r\u00eat l\u00e9gitime \u00e0 traiter efficacement les demandes qui nous sont adress\u00e9es (article 6, paragraphe 1, point f du RGPD) ou sur votre consentement (article 6, paragraphe 1, point a du RGPD), si celui-ci a \u00e9t\u00e9 demand\u00e9. Le consentement peut \u00eatre r\u00e9voqu\u00e9 \u00e0 tout moment.<\/p>\n<p>Les donn\u00e9es que vous saisissez dans le formulaire de contact restent enregistr\u00e9es chez nous jusqu\u2019\u00e0 ce que vous nous demandiez leur suppression, que vous r\u00e9voquiez votre consentement \u00e0 leur stockage ou que le but du stockage des donn\u00e9es cesse d\u2019exister (par exemple, apr\u00e8s le traitement complet de votre demande). Les obligations l\u00e9gales de conservation des donn\u00e9es restent inchang\u00e9es.<\/p>\n<p><strong>Demande par e-mail, t\u00e9l\u00e9phone ou fax<\/strong><br \/>Si vous nous contactez par e-mail, t\u00e9l\u00e9phone ou fax, votre demande, y compris toutes les donn\u00e9es personnelles qui en r\u00e9sultent (nom, demande), sera enregistr\u00e9e et trait\u00e9e chez nous afin de r\u00e9pondre \u00e0 votre requ\u00eate. Ces donn\u00e9es ne seront pas transmises \u00e0 des tiers sans votre consentement.<\/p>\n<p>Le traitement de ces donn\u00e9es est bas\u00e9 sur l\u2019article 6, paragraphe 1, point b du RGPD, si votre demande est li\u00e9e \u00e0 l\u2019ex\u00e9cution d\u2019un contrat ou est n\u00e9cessaire \u00e0 la mise en \u0153uvre de mesures pr\u00e9contractuelles. Dans tous les autres cas, le traitement repose sur notre int\u00e9r\u00eat l\u00e9gitime \u00e0 traiter efficacement les demandes qui nous sont adress\u00e9es (article 6, paragraphe 1, point f du RGPD) ou sur votre consentement (article 6, paragraphe 1, point a du RGPD), si celui-ci a \u00e9t\u00e9 demand\u00e9. Le consentement peut \u00eatre r\u00e9voqu\u00e9 \u00e0 tout moment.<\/p>\n<p>Les donn\u00e9es envoy\u00e9es via une demande de contact restent enregistr\u00e9es chez nous jusqu\u2019\u00e0 ce que vous nous demandiez leur suppression, que vous r\u00e9voquiez votre consentement \u00e0 leur stockage ou que le but du stockage des donn\u00e9es cesse d\u2019exister (par exemple, apr\u00e8s le traitement complet de votre demande). Les obligations l\u00e9gales de conservation des donn\u00e9es restent inchang\u00e9es.<\/p>\n<p>[\/et_pb_text][et_pb_text _builder_version=\u00a0\u00bb4.19.4&Prime; hover_enabled=\u00a0\u00bb0&Prime; global_colors_info=\u00a0\u00bb{}\u00a0\u00bb sticky_enabled=\u00a0\u00bb0&Prime;]<\/p>\n<h6>5. Pr\u00e9sence sur les r\u00e9seaux sociaux<\/h6>\n<p><strong>Traitement des donn\u00e9es par les r\u00e9seaux sociaux<\/strong><br \/>Nous g\u00e9rons des profils publics sur divers r\u00e9seaux sociaux. La liste des r\u00e9seaux sociaux que nous utilisons est fournie ci-dessous.<\/p>\n<p>Les r\u00e9seaux sociaux tels que Facebook, X (anciennement Twitter), etc. peuvent g\u00e9n\u00e9ralement analyser en d\u00e9tail votre comportement d\u2019utilisateur lorsque vous visitez leurs sites Web ou des sites int\u00e9grant des contenus provenant de ces plateformes (par exemple, des boutons \u00ab J&rsquo;aime \u00bb ou des banni\u00e8res publicitaires). La visite de nos profils sur les r\u00e9seaux sociaux entra\u00eene ainsi plusieurs traitements de donn\u00e9es personnelles. En d\u00e9tails :<br \/>Si vous \u00eates connect\u00e9 \u00e0 votre compte sur un r\u00e9seau social et que vous visitez notre page sur cette plateforme, l\u2019exploitant du r\u00e9seau peut associer votre visite \u00e0 votre compte utilisateur. Cependant, vos donn\u00e9es personnelles peuvent \u00eatre collect\u00e9es m\u00eame si vous n\u2019\u00eates pas connect\u00e9 ou si vous ne poss\u00e9dez pas de compte sur ce r\u00e9seau social. Dans ce cas, la collecte se fait notamment via des cookies enregistr\u00e9s sur votre appareil ou par le biais de votre adresse IP.<\/p>\n<p>Les exploitants de ces plateformes utilisent ces donn\u00e9es pour cr\u00e9er des profils d\u2019utilisateurs dans lesquels sont enregistr\u00e9es vos pr\u00e9f\u00e9rences et centres d\u2019int\u00e9r\u00eat. Cela permet d\u2019afficher des publicit\u00e9s cibl\u00e9es aussi bien sur la plateforme concern\u00e9e que sur d\u2019autres sites. Si vous avez un compte sur le r\u00e9seau social en question, ces publicit\u00e9s peuvent s\u2019afficher sur tous les appareils sur lesquels vous vous \u00eates connect\u00e9.<\/p>\n<p>Veuillez noter que nous n\u2019avons pas une visibilit\u00e9 totale sur l\u2019ensemble des processus de traitement des donn\u00e9es r\u00e9alis\u00e9s par les r\u00e9seaux sociaux. Selon la plateforme concern\u00e9e, d\u2019autres op\u00e9rations de traitement peuvent \u00eatre effectu\u00e9es par l\u2019exploitant du r\u00e9seau. Pour plus d\u2019informations, veuillez consulter les conditions d\u2019utilisation et les politiques de confidentialit\u00e9 des r\u00e9seaux sociaux concern\u00e9s.<\/p>\n<p><strong>Base l\u00e9gale<\/strong><br \/>Nos pr\u00e9sences sur les r\u00e9seaux sociaux visent \u00e0 assurer une visibilit\u00e9 optimale sur Internet. Cela constitue un int\u00e9r\u00eat l\u00e9gitime au sens de l\u2019article 6, paragraphe 1, point f du RGPD. Les processus d\u2019analyse initi\u00e9s par les r\u00e9seaux sociaux peuvent toutefois reposer sur d\u2019autres bases l\u00e9gales, qui doivent \u00eatre pr\u00e9cis\u00e9es par les exploitants des plateformes concern\u00e9es (par exemple, le consentement conform\u00e9ment \u00e0 l\u2019article 6, paragraphe 1, point a du RGPD).<\/p>\n<p><strong>Responsabilit\u00e9 et exercice des droits<\/strong><br \/>Lorsque vous visitez l&rsquo;un de nos profils sur les r\u00e9seaux sociaux (ex. : Facebook), nous partageons la responsabilit\u00e9 du traitement des donn\u00e9es avec l\u2019exploitant de la plateforme concern\u00e9e. Vous pouvez exercer vos droits (acc\u00e8s, rectification, suppression, limitation du traitement, portabilit\u00e9 des donn\u00e9es et r\u00e9clamation) aussi bien aupr\u00e8s de nous qu\u2019aupr\u00e8s de l\u2019exploitant du r\u00e9seau social concern\u00e9 (ex. : Facebook).<\/p>\n<p>Veuillez noter que, malgr\u00e9 cette responsabilit\u00e9 conjointe, nous n\u2019avons pas un contr\u00f4le total sur les traitements de donn\u00e9es effectu\u00e9s par les exploitants des r\u00e9seaux sociaux. Nos possibilit\u00e9s d\u2019action d\u00e9pendent essentiellement de leurs politiques internes.<\/p>\n<p><strong>Dur\u00e9e de conservation des donn\u00e9es<\/strong><br \/>Les donn\u00e9es collect\u00e9es directement par nous via nos pages sur les r\u00e9seaux sociaux sont supprim\u00e9es de nos syst\u00e8mes d\u00e8s que vous en faites la demande, que vous r\u00e9voquez votre consentement ou que la finalit\u00e9 de leur stockage cesse d\u2019exister. Les cookies enregistr\u00e9s sur votre appareil restent en place jusqu\u2019\u00e0 leur suppression manuelle. Les obligations l\u00e9gales de conservation restent inchang\u00e9es.<\/p>\n<p>Nous n\u2019avons aucun contr\u00f4le sur la dur\u00e9e de conservation des donn\u00e9es stock\u00e9es par les exploitants des r\u00e9seaux sociaux \u00e0 leurs propres fins. Pour plus d\u2019informations, veuillez consulter directement les politiques de confidentialit\u00e9 des r\u00e9seaux sociaux concern\u00e9s.<\/p>\n<p><strong>Vos droits<\/strong><br \/>Vous avez \u00e0 tout moment le droit d\u2019obtenir gratuitement des informations sur l\u2019origine, les destinataires et la finalit\u00e9 du traitement de vos donn\u00e9es personnelles stock\u00e9es. Vous disposez \u00e9galement d\u2019un droit d\u2019opposition, d\u2019un droit \u00e0 la portabilit\u00e9 des donn\u00e9es ainsi que d\u2019un droit de r\u00e9clamation aupr\u00e8s de l\u2019autorit\u00e9 de contr\u00f4le comp\u00e9tente. De plus, vous pouvez demander la rectification, le blocage, la suppression de vos donn\u00e9es personnelles, ainsi que, dans certains cas, la limitation de leur traitement.<\/p>\n<p><strong>D\u00e9tails sur les r\u00e9seaux sociaux<\/strong><\/p>\n<p><strong>YouTube<\/strong><br \/>Nous disposons d\u2019un profil sur YouTube, dont le fournisseur est Google Ireland Limited, Gordon House, Barrow Street, Dublin 4, Irlande. Vous trouverez des informations d\u00e9taill\u00e9es sur la gestion de vos donn\u00e9es personnelles par YouTube dans leur politique de confidentialit\u00e9 :<br \/><a href=\"https:\/\/policies.google.com\/privacy?hl=de\">https:\/\/policies.google.com\/privacy?hl=de<\/a>.<br \/>L\u2019entreprise est certifi\u00e9e conforme au \u00ab\u00a0EU-US Data Privacy Framework\u00a0\u00bb (DPF). Le DPF est un accord entre l\u2019Union europ\u00e9enne et les \u00c9tats-Unis, visant \u00e0 garantir que les traitements de donn\u00e9es aux \u00c9tats-Unis respectent les normes europ\u00e9ennes de protection des donn\u00e9es. Toute entreprise certifi\u00e9e DPF s\u2019engage \u00e0 respecter ces standards de protection des donn\u00e9es. Vous trouverez plus d\u2019informations \u00e0 ce sujet sur le site officiel :<br \/><a href=\"https:\/\/www.dataprivacyframework.gov\/participant\/5780\">https:\/\/www.dataprivacyframework.gov\/participant\/5780<\/a>.<\/p>\n<p>[\/et_pb_text][et_pb_text _builder_version=\u00a0\u00bb4.19.4&Prime; hover_enabled=\u00a0\u00bb0&Prime; global_colors_info=\u00a0\u00bb{}\u00a0\u00bb sticky_enabled=\u00a0\u00bb0&Prime;]<\/p>\n<h6>\u200b6. Plugins et outils<\/h6>\n<p><strong>YouTube avec mode de confidentialit\u00e9 avanc\u00e9e<\/strong><br \/>Ce site Web int\u00e8gre des vid\u00e9os de YouTube. Le fournisseur du service est Google Ireland Limited (\u00ab Google \u00bb), Gordon House, Barrow Street, Dublin 4, Irlande.<\/p>\n<p>Lorsque vous visitez une page de notre site contenant une vid\u00e9o YouTube, une connexion est \u00e9tablie avec les serveurs de YouTube. Ces serveurs re\u00e7oivent alors des informations sur les pages que vous avez visit\u00e9es. Si vous \u00eates connect\u00e9 \u00e0 votre compte YouTube, YouTube peut associer votre activit\u00e9 de navigation \u00e0 votre profil personnel. Vous pouvez emp\u00eacher cela en vous d\u00e9connectant de votre compte YouTube avant de visiter notre site.<\/p>\n<p>Nous utilisons YouTube en mode de confidentialit\u00e9 avanc\u00e9e. Selon YouTube, les vid\u00e9os lues dans ce mode ne sont pas utilis\u00e9es pour personnaliser votre navigation sur YouTube. De plus, les publicit\u00e9s diffus\u00e9es en mode de confidentialit\u00e9 avanc\u00e9e ne sont pas personnalis\u00e9es. Dans ce mode, aucun cookie n\u2019est plac\u00e9 sur votre appareil. Toutefois, des \u00e9l\u00e9ments de stockage local (Local Storage) sont enregistr\u00e9s dans votre navigateur. Ces \u00e9l\u00e9ments fonctionnent de mani\u00e8re similaire aux cookies et peuvent contenir des donn\u00e9es personnelles utilis\u00e9es pour la reconnaissance de l\u2019utilisateur. Vous trouverez plus de d\u00e9tails sur le mode de confidentialit\u00e9 avanc\u00e9e de YouTube ici :<br \/><a href=\"https:\/\/support.google.com\/youtube\/answer\/171780\">https:\/\/support.google.com\/youtube\/answer\/171780<\/a>.<\/p>\n<p>Il est possible que l\u2019activation d\u2019une vid\u00e9o YouTube d\u00e9clenche d\u2019autres traitements de donn\u00e9es sur lesquels nous n\u2019avons aucun contr\u00f4le.<\/p>\n<p>L\u2019utilisation de YouTube vise \u00e0 offrir une pr\u00e9sentation attrayante de nos services en ligne. Cela constitue un int\u00e9r\u00eat l\u00e9gitime au sens de l\u2019article 6, paragraphe 1, point f du RGPD. Si un consentement explicite a \u00e9t\u00e9 demand\u00e9, le traitement des donn\u00e9es repose exclusivement sur l\u2019article 6, paragraphe 1, point a du RGPD et l\u2019article 25, paragraphe 1 du TDDDG, dans la mesure o\u00f9 le consentement couvre le stockage de cookies ou l\u2019acc\u00e8s aux informations sur l\u2019appareil de l\u2019utilisateur (ex. : empreinte num\u00e9rique). Le consentement peut \u00eatre r\u00e9voqu\u00e9 \u00e0 tout moment.<\/p>\n<p>Pour plus d\u2019informations sur la protection des donn\u00e9es chez YouTube, veuillez consulter leur politique de confidentialit\u00e9 \u00e0 l\u2019adresse suivante :<br \/><a href=\"https:\/\/policies.google.com\/privacy?hl=de\">https:\/\/policies.google.com\/privacy?hl=de<\/a>.<\/p>\n<p>L&rsquo;entreprise est certifi\u00e9e conforme au \u00ab\u00a0EU-US Data Privacy Framework\u00a0\u00bb (DPF). Le DPF est un accord entre l&rsquo;Union europ\u00e9enne et les \u00c9tats-Unis, visant \u00e0 garantir que le traitement des donn\u00e9es aux \u00c9tats-Unis respecte les normes europ\u00e9ennes de protection des donn\u00e9es. Toute entreprise certifi\u00e9e DPF s&rsquo;engage \u00e0 respecter ces standards de protection des donn\u00e9es. Vous trouverez plus d\u2019informations \u00e0 ce sujet sur le site officiel :<br \/><a href=\"https:\/\/www.dataprivacyframework.gov\/participant\/5780\">https:\/\/www.dataprivacyframework.gov\/participant\/5780<\/a>.<\/p>\n<p>[\/et_pb_text][et_pb_text _builder_version=\u00a0\u00bb4.19.4&Prime; hover_enabled=\u00a0\u00bb0&Prime; global_colors_info=\u00a0\u00bb{}\u00a0\u00bb sticky_enabled=\u00a0\u00bb0&Prime;]<\/p>\n<h6>7. Communication par visioconf\u00e9rence<\/h6>\n<p><strong>Traitement des donn\u00e9es<\/strong><br \/>Pour communiquer avec nos clients, nous utilisons, entre autres, des outils de visioconf\u00e9rence en ligne. La liste des outils que nous utilisons est fournie ci-dessous. Lorsque vous communiquez avec nous par visioconf\u00e9rence ou audioconf\u00e9rence via Internet, vos donn\u00e9es personnelles sont collect\u00e9es et trait\u00e9es \u00e0 la fois par nous et par le fournisseur de l\u2019outil de conf\u00e9rence utilis\u00e9. Ces outils collectent toutes les donn\u00e9es que vous fournissez pour leur utilisation, telles que votre adresse e-mail et\/ou votre num\u00e9ro de t\u00e9l\u00e9phone.De plus, ces outils traitent \u00e9galement la dur\u00e9e de la conf\u00e9rence, l\u2019heure de d\u00e9but et de fin de votre participation, le nombre de participants et d\u2019autres \u00ab informations contextuelles \u00bb li\u00e9es \u00e0 la communication (m\u00e9tadonn\u00e9es).<\/p>\n<p>En outre, le fournisseur de l\u2019outil traite toutes les donn\u00e9es techniques n\u00e9cessaires \u00e0 la gestion de la communication en ligne. Cela comprend notamment les adresses IP, les adresses MAC, les identifiants des appareils, le type d\u2019appareil, le type et la version du syst\u00e8me d\u2019exploitation, la version du client, ainsi que les informations sur la cam\u00e9ra, le microphone ou les haut-parleurs utilis\u00e9s, et le type de connexion.<\/p>\n<p>Si des contenus sont \u00e9chang\u00e9s, t\u00e9l\u00e9charg\u00e9s ou mis \u00e0 disposition d\u2019une quelconque mani\u00e8re au sein de l\u2019outil, ceux-ci sont \u00e9galement stock\u00e9s sur les serveurs des fournisseurs de l\u2019outil. Ces contenus incluent notamment les enregistrements dans le cloud, les discussions ou messages instantan\u00e9s, les messages vocaux, les photos et vid\u00e9os t\u00e9l\u00e9charg\u00e9es, les fichiers, les tableaux blancs et toutes autres informations partag\u00e9es lors de l\u2019utilisation du service.<\/p>\n<p>Veuillez noter que nous n\u2019avons pas un contr\u00f4le total sur les processus de traitement des donn\u00e9es effectu\u00e9s par les outils utilis\u00e9s. Nos possibilit\u00e9s d\u2019intervention d\u00e9pendent principalement de la politique de l\u2019entreprise fournissant le service. Pour plus d\u2019informations sur le traitement des donn\u00e9es par ces outils de conf\u00e9rence, veuillez consulter les politiques de confidentialit\u00e9 des outils respectifs, que nous avons list\u00e9es ci-dessous.<\/p>\n<p><strong>Finalit\u00e9 et bases l\u00e9gales<\/strong><br \/>Les outils de visioconf\u00e9rence sont utilis\u00e9s pour communiquer avec nos partenaires contractuels potentiels ou existants et pour fournir certains services \u00e0 nos clients, conform\u00e9ment \u00e0 l\u2019article 6, paragraphe 1, point b du RGPD. De plus, l\u2019utilisation de ces outils vise \u00e0 simplifier et acc\u00e9l\u00e9rer la communication avec notre entreprise, ce qui constitue un int\u00e9r\u00eat l\u00e9gitime au sens de l\u2019article 6, paragraphe 1, point f du RGPD. Si un consentement a \u00e9t\u00e9 demand\u00e9 pour l\u2019utilisation de ces outils, leur utilisation repose sur cette base. Ce consentement peut \u00eatre r\u00e9voqu\u00e9 \u00e0 tout moment avec effet pour l\u2019avenir.<\/p>\n<p><strong>Dur\u00e9e de conservation<\/strong><br \/>Les donn\u00e9es collect\u00e9es directement par nous via les outils de visioconf\u00e9rence et de conf\u00e9rence en ligne sont supprim\u00e9es de nos syst\u00e8mes d\u00e8s que vous en faites la demande, que vous r\u00e9voquez votre consentement ou que la finalit\u00e9 de leur stockage cesse d\u2019exister. Les cookies enregistr\u00e9s sur votre appareil restent en place jusqu\u2019\u00e0 leur suppression manuelle. Les obligations l\u00e9gales de conservation restent inchang\u00e9es.<\/p>\n<p>Nous n\u2019avons aucun contr\u00f4le sur la dur\u00e9e de conservation des donn\u00e9es stock\u00e9es par les exploitants des outils de conf\u00e9rence pour leurs propres finalit\u00e9s. Pour plus d\u2019informations, veuillez consulter directement les politiques de confidentialit\u00e9 des fournisseurs concern\u00e9s.<\/p>\n<p><strong>Outils de conf\u00e9rence utilis\u00e9s<\/strong><\/p>\n<p>Nous utilisons les outils de conf\u00e9rence suivants :<\/p>\n<p><strong>Microsoft Teams<\/strong><br \/>Nous utilisons Microsoft Teams, un service fourni par Microsoft Ireland Operations Limited, One Microsoft Place, South County Business Park, Leopardstown, Dublin 18, Irlande. Vous trouverez plus de d\u00e9tails sur le traitement des donn\u00e9es dans la politique de confidentialit\u00e9 de Microsoft Teams :<br \/><a href=\"https:\/\/privacy.microsoft.com\/de-de\/privacystatement\">https:\/\/privacy.microsoft.com\/de-de\/privacystatement<\/a>.<\/p>\n<p>L&rsquo;entreprise est certifi\u00e9e conforme au \u00ab\u00a0EU-US Data Privacy Framework\u00a0\u00bb (DPF). Le DPF est un accord entre l&rsquo;Union europ\u00e9enne et les \u00c9tats-Unis, visant \u00e0 garantir que le traitement des donn\u00e9es aux \u00c9tats-Unis respecte les normes europ\u00e9ennes de protection des donn\u00e9es. Toute entreprise certifi\u00e9e DPF s&rsquo;engage \u00e0 respecter ces standards de protection des donn\u00e9es. Vous trouverez plus d\u2019informations \u00e0 ce sujet sur le site officiel du fournisseur :<br \/><a href=\"https:\/\/www.dataprivacyframework.gov\/participant\/6474\">https:\/\/www.dataprivacyframework.gov\/participant\/6474<\/a>.<\/p>\n<p>[\/et_pb_text][et_pb_text _builder_version=\u00a0\u00bb4.19.4&Prime; hover_enabled=\u00a0\u00bb0&Prime; global_colors_info=\u00a0\u00bb{}\u00a0\u00bb sticky_enabled=\u00a0\u00bb0&Prime;]<\/p>\n<h6>8. Services internes<\/h6>\n<h6>8.1 Gestion des donn\u00e9es des candidats<\/h6>\n<p>Nous vous offrons la possibilit\u00e9 de postuler chez nous (par exemple, par e-mail, par voie postale ou via un formulaire de candidature en ligne). Dans ce qui suit, nous vous informons sur l\u2019\u00e9tendue, la finalit\u00e9 et l\u2019utilisation de vos donn\u00e9es personnelles collect\u00e9es dans le cadre du processus de recrutement. Nous vous assurons que la collecte, le traitement et l\u2019utilisation de vos donn\u00e9es sont effectu\u00e9s conform\u00e9ment aux r\u00e9glementations en vigueur sur la protection des donn\u00e9es et \u00e0 toutes les autres dispositions l\u00e9gales applicables, et que vos donn\u00e9es seront trait\u00e9es de mani\u00e8re strictement confidentielle.<\/p>\n<p><strong>\u00c9tendue et finalit\u00e9 de la collecte des donn\u00e9es<\/strong><br \/>\nLorsque vous nous soumettez une candidature, nous traitons les donn\u00e9es personnelles qui y sont associ\u00e9es, telles que vos coordonn\u00e9es, vos informations de communication, vos documents de candidature et les notes prises lors des entretiens, dans la mesure o\u00f9 cela est n\u00e9cessaire \u00e0 la prise de d\u00e9cision concernant l\u2019\u00e9tablissement d\u2019une relation de travail. La base l\u00e9gale de ce traitement repose sur l\u2019article 26 de la BDSG (loi allemande sur la protection des donn\u00e9es) pour l\u2019initiation d\u2019une relation de travail, ainsi que sur l\u2019article 6, paragraphe 1, point b du RGPD, relatif aux mesures pr\u00e9contractuelles g\u00e9n\u00e9rales. Si vous avez donn\u00e9 votre consentement, le traitement repose \u00e9galement sur l\u2019article 6, paragraphe 1, point a du RGPD. Ce consentement peut \u00eatre r\u00e9voqu\u00e9 \u00e0 tout moment.<\/p>\n<p>Au sein de notre entreprise, vos donn\u00e9es personnelles ne sont transmises qu\u2019aux personnes impliqu\u00e9es dans le traitement de votre candidature. Si votre candidature aboutit \u00e0 une embauche, les donn\u00e9es que vous avez transmises seront enregistr\u00e9es dans nos syst\u00e8mes de traitement des donn\u00e9es sur la base de l\u2019article 26 de la BDSG et de l\u2019article 6, paragraphe 1, point b du RGPD, en vue de l\u2019ex\u00e9cution de la relation de travail.<\/p>\n<p><strong>Dur\u00e9e de conservation des donn\u00e9es<\/strong><br \/>\nSi nous ne pouvons pas vous proposer un poste, si vous refusez une offre d&#8217;emploi ou si vous retirez votre candidature, nous nous r\u00e9servons le droit de conserver les donn\u00e9es que vous avez transmises pendant une dur\u00e9e maximale de six mois apr\u00e8s la fin du processus de recrutement (rejet ou retrait de la candidature), sur la base de notre int\u00e9r\u00eat l\u00e9gitime conform\u00e9ment \u00e0 l\u2019article 6, paragraphe 1, point f du RGPD. Pass\u00e9 ce d\u00e9lai, les donn\u00e9es seront supprim\u00e9es et les documents de candidature en format papier seront d\u00e9truits. Cette conservation vise principalement \u00e0 servir de preuve en cas de litige juridique. Si, \u00e0 l\u2019issue de cette p\u00e9riode de six mois, il appara\u00eet que les donn\u00e9es restent n\u00e9cessaires (par exemple en raison d\u2019un litige imminent ou en cours), leur suppression n\u2019interviendra que lorsque la finalit\u00e9 de cette conservation prolong\u00e9e cessera d\u2019exister.<\/p>\n<p>Une conservation plus longue peut \u00e9galement avoir lieu si vous avez donn\u00e9 votre consentement conform\u00e9ment \u00e0 l\u2019article 6, paragraphe 1, point a du RGPD ou si des obligations l\u00e9gales de conservation emp\u00eachent la suppression des donn\u00e9es.<\/p>\n<p><strong>Int\u00e9gration dans notre vivier de candidats<\/strong><br \/>\nSi nous ne pouvons pas vous proposer de poste, il est possible que nous vous offrions l\u2019opportunit\u00e9 d\u2019int\u00e9grer notre vivier de candidats. Dans ce cas, tous les documents et informations de votre candidature seront conserv\u00e9s afin de pouvoir vous contacter en cas d\u2019opportunit\u00e9s correspondant \u00e0 votre profil.<\/p>\n<p>L\u2019int\u00e9gration dans le vivier de candidats repose exclusivement sur votre consentement explicite, conform\u00e9ment \u00e0 l\u2019article 6, paragraphe 1, point a du RGPD. Ce consentement est enti\u00e8rement volontaire et n\u2019a aucune incidence sur le processus de recrutement en cours. <strong>Vous pouvez le r\u00e9voquer \u00e0 tout moment<\/strong>. En cas de r\u00e9vocation, vos donn\u00e9es seront d\u00e9finitivement supprim\u00e9es du vivier de candidats, \u00e0 moins qu\u2019une obligation l\u00e9gale de conservation ne s\u2019y oppose.<\/p>\n<p>Les donn\u00e9es conserv\u00e9es dans le vivier de candidats seront d\u00e9finitivement supprim\u00e9es au plus tard deux ans apr\u00e8s l\u2019obtention de votre consentement.<\/p>\n<h6>8.2 Informations g\u00e9n\u00e9rales sur le traitement des donn\u00e9es des partenaires commerciaux<\/h6>\n<p><strong>Finalit\u00e9s du traitement et base l\u00e9gale<\/strong><br \/>\nVos donn\u00e9es personnelles sont trait\u00e9es conform\u00e9ment aux dispositions du R\u00e8glement g\u00e9n\u00e9ral sur la protection des donn\u00e9es (RGPD), de la loi f\u00e9d\u00e9rale allemande sur la protection des donn\u00e9es (BDSG) et d&rsquo;autres r\u00e9glementations applicables en mati\u00e8re de protection des donn\u00e9es. Le traitement et l&rsquo;utilisation des donn\u00e9es varient en fonction du service convenu ou demand\u00e9. Vous pouvez obtenir des informations compl\u00e9mentaires sur les finalit\u00e9s du traitement dans nos documents contractuels, formulaires, d\u00e9clarations de consentement, ainsi que dans les autres informations mises \u00e0 votre disposition, notamment sur notre site Web ou dans nos conditions g\u00e9n\u00e9rales.<\/p>\n<p><strong>Consentement (Article 6, paragraphe 1, point a du RGPD)<\/strong><br \/>\nSi vous nous avez donn\u00e9 votre consentement pour le traitement de vos donn\u00e9es personnelles, ce consentement constitue la base l\u00e9gale pour le traitement concern\u00e9. Vous pouvez r\u00e9voquer votre consentement \u00e0 tout moment avec effet pour l\u2019avenir.<\/p>\n<p><strong>Ex\u00e9cution des obligations contractuelles (Article 6, paragraphe 1, point b du RGPD)<\/strong><br \/>\nNous traitons vos donn\u00e9es personnelles afin d\u2019ex\u00e9cuter nos contrats avec vous. De plus, ces donn\u00e9es sont trait\u00e9es dans le cadre de mesures et actions pr\u00e9contractuelles n\u00e9cessaires \u00e0 l\u2019\u00e9tablissement de la relation contractuelle.<\/p>\n<p><strong>Respect des obligations l\u00e9gales (Article 6, paragraphe 1, point c du RGPD)<\/strong><br \/>\nNous traitons vos donn\u00e9es personnelles lorsque cela est n\u00e9cessaire pour respecter des obligations l\u00e9gales, notamment en mati\u00e8re de droit commercial et fiscal.<br \/>\nDe plus, vos donn\u00e9es peuvent \u00eatre trait\u00e9es pour :<br \/>\n\u2022 La pr\u00e9vention de la fraude et du blanchiment d\u2019argent<br \/>\n\u2022 La pr\u00e9vention, la lutte et la d\u00e9tection du financement du terrorisme et des infractions mena\u00e7ant le patrimoine<br \/>\n\u2022 Le respect des obligations fiscales de contr\u00f4le et de d\u00e9claration<br \/>\n\u2022 L\u2019archivage des donn\u00e9es \u00e0 des fins de protection et de s\u00e9curit\u00e9 des donn\u00e9es<br \/>\n\u2022 Les contr\u00f4les effectu\u00e9s par les autorit\u00e9s fiscales et autres organismes comp\u00e9tents<\/p>\n<p>Par ailleurs, la divulgation de donn\u00e9es personnelles peut \u00eatre requise dans le cadre de proc\u00e9dures administratives ou judiciaires, \u00e0 des fins de collecte de preuves, de poursuites p\u00e9nales ou d\u2019ex\u00e9cution de droits civils.<\/p>\n<p><strong>Int\u00e9r\u00eat l\u00e9gitime de notre entreprise ou de tiers (Article 6, paragraphe 1, point f du RGPD)<\/strong><br \/>\nNous pouvons \u00e9galement traiter vos donn\u00e9es personnelles sur la base d\u2019une mise en balance des int\u00e9r\u00eats, afin de pr\u00e9server notre int\u00e9r\u00eat l\u00e9gitime ou celui de tiers. Ce traitement peut \u00eatre effectu\u00e9 pour les finalit\u00e9s suivantes :<br \/>\n\u2022 La publicit\u00e9 ou les \u00e9tudes de march\u00e9, sauf si vous vous \u00eates oppos\u00e9 \u00e0 l\u2019utilisation de vos donn\u00e9es<br \/>\n\u2022 L\u2019obtention d\u2019informations et l\u2019\u00e9change de donn\u00e9es avec des agences de renseignements commerciaux, lorsque cela d\u00e9passe notre propre risque \u00e9conomique<br \/>\n\u2022 La conservation restreinte de vos donn\u00e9es si leur suppression n\u2019est pas possible ou ne peut \u00eatre r\u00e9alis\u00e9e qu\u2019avec des efforts disproportionn\u00e9s en raison de leur mode de stockage<br \/>\n\u2022 La v\u00e9rification des listes anti-terroristes europ\u00e9ennes et internationales, au-del\u00e0 des obligations l\u00e9gales<br \/>\n\u2022 L\u2019am\u00e9lioration des services, produits, syst\u00e8mes et processus existants<br \/>\n\u2022 La divulgation de donn\u00e9es personnelles dans le cadre d\u2019une Due Diligence, par exemple lors de ventes d\u2019entreprises<br \/>\n\u2022 Les analyses statistiques et \u00e9tudes de march\u00e9<br \/>\n\u2022 L\u2019exercice de droits juridiques et la d\u00e9fense en cas de litiges, sans lien direct avec une relation contractuelle<br \/>\n\u2022 Les audits internes et externes, ainsi que les contr\u00f4les de s\u00e9curit\u00e9<br \/>\n\u2022 L\u2019\u00e9coute ou l\u2019enregistrement des appels t\u00e9l\u00e9phoniques \u00e0 des fins de contr\u00f4le qualit\u00e9 et de formation<br \/>\n\u2022 La protection de nos locaux et installations, notamment par des mesures de surveillance (ex. : vid\u00e9osurveillance).<\/p>\n<p><strong>Cat\u00e9gories de donn\u00e9es personnelles que nous traitons<\/strong><br \/>\nNous traitons les donn\u00e9es suivantes :<br \/>\n\u2022 Donn\u00e9es personnelles : nom, date et lieu de naissance, nationalit\u00e9, \u00e9tat civil, profession\/secteur d\u2019activit\u00e9 et autres informations similaires<br \/>\n\u2022 Coordonn\u00e9es : adresse, adresse e-mail, num\u00e9ro de t\u00e9l\u00e9phone et autres informations comparables<br \/>\n\u2022 Informations bancaires : confirmation de paiement\/couverture pour les cartes bancaires et de cr\u00e9dit<br \/>\n\u2022 Situation financi\u00e8re : donn\u00e9es de solvabilit\u00e9, y compris les scores de cr\u00e9dit servant \u00e0 \u00e9valuer le risque \u00e9conomique<br \/>\n\u2022 Historique client et fournisseur<br \/>\nNous traitons \u00e9galement des donn\u00e9es personnelles provenant de sources accessibles au public, telles que Internet, m\u00e9dias, presse, registres du commerce et d\u2019\u00e9tat civil.<br \/>\nSi cela est n\u00e9cessaire pour fournir nos services, nous traitons aussi des donn\u00e9es personnelles obtenues l\u00e9galement aupr\u00e8s de tiers, comme des \u00e9diteurs d\u2019adresses ou des agences de renseignements commerciaux.<\/p>\n<p><strong>Qui re\u00e7oit vos donn\u00e9es ?<\/strong><br \/>\nNous transmettons vos donn\u00e9es personnelles aux d\u00e9partements internes de notre entreprise qui en ont besoin pour respecter les obligations contractuelles et l\u00e9gales ou pour poursuivre notre int\u00e9r\u00eat l\u00e9gitime.<\/p>\n<p>En plus des services internes de notre entreprise, les entit\u00e9s suivantes peuvent \u00e9galement recevoir vos donn\u00e9es personnelles :<br \/>\n\u2022 Les sous-traitants que nous engageons conform\u00e9ment \u00e0 l\u2019article 28 du RGPD, ainsi que les prestataires de services pour des activit\u00e9s de support et autres responsables du traitement, notamment dans les domaines suivants : services informatiques, logistique, services de messagerie, impression, centres de donn\u00e9es externes, support\/maintenance des applications informatiques, archivage, traitement des documents, destruction des donn\u00e9es, marketing, audit et \u00e9tablissements bancaires.<br \/>\n\u2022 Les organismes et institutions publiques lorsqu&rsquo;une obligation l\u00e9gale ou administrative nous impose de fournir, signaler ou transf\u00e9rer des donn\u00e9es, ou lorsque la transmission des donn\u00e9es r\u00e9pond \u00e0 un int\u00e9r\u00eat public.<br \/>\n\u2022 Les entit\u00e9s et institutions concern\u00e9es par notre int\u00e9r\u00eat l\u00e9gitime ou celui d\u2019un tiers, telles que les autorit\u00e9s, agences d\u2019\u00e9valuation du cr\u00e9dit, services de recouvrement, avocats, tribunaux, experts, entreprises affili\u00e9es et instances de contr\u00f4le.<br \/>\n\u2022 Toute autre entit\u00e9 pour laquelle vous nous avez donn\u00e9 votre consentement au transfert de donn\u00e9es.<\/p>\n<p><strong>Transfert de vos donn\u00e9es vers un pays tiers ou une organisation internationale<\/strong><br \/>\nLe transfert de donn\u00e9es personnelles vers des pays situ\u00e9s en dehors de l\u2019Union europ\u00e9enne (UE) ou de l\u2019Espace \u00e9conomique europ\u00e9en (EEE), appel\u00e9s pays tiers, peut avoir lieu dans certaines conditions. Un tel transfert est effectu\u00e9 uniquement si cela est n\u00e9cessaire \u00e0 l\u2019ex\u00e9cution d\u2019un contrat ou d\u2019une commande, si la loi l\u2019exige (par exemple, en cas d\u2019obligations fiscales d\u00e9claratives), s\u2019il repose sur un int\u00e9r\u00eat l\u00e9gitime de notre entreprise ou d\u2019un tiers, ou si vous nous avez donn\u00e9 votre consentement.<br \/>\nLe traitement de vos donn\u00e9es dans un pays tiers peut \u00e9galement avoir lieu lorsque nous faisons appel \u00e0 des prestataires de services dans le cadre d\u2019un traitement sous-trait\u00e9.<br \/>\nSi aucun niveau de protection des donn\u00e9es ad\u00e9quat n\u2019a \u00e9t\u00e9 \u00e9tabli pour le pays concern\u00e9 par une d\u00e9cision de la Commission europ\u00e9enne, nous garantissons, conform\u00e9ment aux r\u00e9glementations europ\u00e9ennes sur la protection des donn\u00e9es, que vos droits et libert\u00e9s sont prot\u00e9g\u00e9s par des contrats et mesures appropri\u00e9s. Nous pouvons vous fournir des informations d\u00e9taill\u00e9es sur ces garanties sur demande.<\/p>\n<p><strong>Combien de temps conservons-nous vos donn\u00e9es ?<\/strong><br \/>\nNous traitons vos donn\u00e9es personnelles aussi longtemps que n\u00e9cessaire pour la dur\u00e9e de notre relation commerciale, y compris l\u2019initiation et l\u2019ex\u00e9cution d\u2019un contrat.<br \/>\nEn outre, nous sommes soumis \u00e0 diverses obligations l\u00e9gales de conservation et de documentation, notamment celles issues du Code de commerce allemand (HGB) et du Code fiscal allemand (AO). Ces r\u00e9glementations imposent des d\u00e9lais de conservation allant jusqu\u2019\u00e0 dix ans apr\u00e8s la fin de la relation commerciale ou du rapport juridique pr\u00e9contractuel.<br \/>\nEnfin, la dur\u00e9e de conservation d\u00e9pend \u00e9galement des d\u00e9lais de prescription l\u00e9gaux, qui, selon les articles 195 et suivants du Code civil allemand (BGB), sont g\u00e9n\u00e9ralement de trois ans, mais peuvent aller jusqu\u2019\u00e0 trente ans dans certains cas particuliers.<\/p>\n<p>Dans quelle mesure une prise de d\u00e9cision automatis\u00e9e est-elle mise en place au cas par cas (y compris le profilage) ?<br \/>\nNous n\u2019utilisons aucun proc\u00e9d\u00e9 de prise de d\u00e9cision enti\u00e8rement automatis\u00e9 conform\u00e9ment \u00e0 l\u2019article 22 du RGPD. Si nous devions recourir \u00e0 de tels proc\u00e9d\u00e9s dans certains cas sp\u00e9cifiques, nous vous en informerions s\u00e9par\u00e9ment, conform\u00e9ment aux exigences l\u00e9gales.[\/et_pb_text][\/et_pb_column][\/et_pb_row][\/et_pb_section]<\/p>\n","protected":false},"excerpt":{"rendered":"<p>D\u00e9claration de Confidentialit\u00e9Cette d\u00e9claration de confidentialit\u00e9 s&rsquo;applique aux visiteurs de nos sites Web, \u00e0 notre pr\u00e9sence sur les r\u00e9seaux sociaux et \u00e0 la gestion g\u00e9n\u00e9rale des donn\u00e9es de nos partenaires commerciaux, prospects et candidats.1. Aper\u00e7u de la protection des donn\u00e9es Informations g\u00e9n\u00e9ralesLes informations suivantes donnent un aper\u00e7u clair de ce qui se passe avec vos [&hellip;]<\/p>\n","protected":false},"author":3,"featured_media":0,"parent":0,"menu_order":0,"comment_status":"closed","ping_status":"closed","template":"","meta":{"_et_pb_use_builder":"on","_et_pb_old_content":"<!-- wp:heading --><h2>Wer wir sind<\/h2><!-- \/wp:heading --><!-- wp:paragraph --><p>Die Adresse unserer Website ist: https:\/\/www.mado.de.<\/p><!-- \/wp:paragraph --><!-- wp:heading --><h2>Welche personenbezogenen Daten wir sammeln und warum wir sie sammeln<\/h2><!-- \/wp:heading --><!-- wp:heading {\"level\":3} --><h3>Kommentare<\/h3><!-- \/wp:heading --><!-- wp:paragraph --><p>Wenn Besucher Kommentare auf der Website schreiben, sammeln wir die Daten, die im Kommentar-Formular angezeigt werden, au\u00dferdem die IP-Adresse des Besuchers und den User-Agent-String (damit wird der Browser identifiziert), um die Erkennung von Spam zu unterst\u00fctzen.<\/p><!-- \/wp:paragraph --><!-- wp:paragraph --><p>Aus deiner E-Mail-Adresse kann eine anonymisierte Zeichenfolge erstellt (auch Hash genannt) und dem Gravatar-Dienst \u00fcbergeben werden, um zu pr\u00fcfen, ob du diesen benutzt. Die Datenschutzerkl\u00e4rung des Gravatar-Dienstes findest du hier: https:\/\/automattic.com\/privacy\/. Nachdem dein Kommentar freigegeben wurde, ist dein Profilbild \u00f6ffentlich im Kontext deines Kommentars sichtbar.<\/p><!-- \/wp:paragraph --><!-- wp:heading {\"level\":3} --><h3>Medien<\/h3><!-- \/wp:heading --><!-- wp:paragraph --><p>Wenn du ein registrierter Benutzer bist und Fotos auf diese Website l\u00e4dst, solltest du vermeiden, Fotos mit einem EXIF-GPS-Standort hochzuladen. Besucher dieser Website k\u00f6nnten Fotos, die auf dieser Website gespeichert sind, herunterladen und deren Standort-Informationen extrahieren.<\/p><!-- \/wp:paragraph --><!-- wp:heading {\"level\":3} --><h3>Kontaktformulare<\/h3><!-- \/wp:heading --><!-- wp:heading {\"level\":3} --><h3>Cookies<\/h3><!-- \/wp:heading --><!-- wp:paragraph --><p>Wenn du einen Kommentar auf unserer Website schreibst, kann das eine Einwilligung sein, deinen Namen, E-Mail-Adresse und Website in Cookies zu speichern. Dies ist eine Komfortfunktion, damit du nicht, wenn du einen weiteren Kommentar schreibst, all diese Daten erneut eingeben musst. Diese Cookies werden ein Jahr lang gespeichert.<\/p><!-- \/wp:paragraph --><!-- wp:paragraph --><p>Falls du ein Konto hast und dich auf dieser Website anmeldest, werden wir ein tempor\u00e4res Cookie setzen, um festzustellen, ob dein Browser Cookies akzeptiert. Dieses Cookie enth\u00e4lt keine personenbezogenen Daten und wird verworfen, wenn du deinen Browser schlie\u00dft.<\/p><!-- \/wp:paragraph --><!-- wp:paragraph --><p>Wenn du dich anmeldest, werden wir einige Cookies einrichten, um deine Anmeldeinformationen und Anzeigeoptionen zu speichern. Anmelde-Cookies verfallen nach zwei Tagen und Cookies f\u00fcr die Anzeigeoptionen nach einem Jahr. Falls du bei der Anmeldung \u201eAngemeldet bleiben\u201c ausw\u00e4hlst, wird deine Anmeldung zwei Wochen lang aufrechterhalten. Mit der Abmeldung aus deinem Konto werden die Anmelde-Cookies gel\u00f6scht.<\/p><!-- \/wp:paragraph --><!-- wp:paragraph --><p>Wenn du einen Artikel bearbeitest oder ver\u00f6ffentlichst, wird ein zus\u00e4tzlicher Cookie in deinem Browser gespeichert. Dieser Cookie enth\u00e4lt keine personenbezogenen Daten und verweist nur auf die Beitrags-ID des Artikels, den du gerade bearbeitet hast. Der Cookie verf\u00e4llt nach einem Tag.<\/p><!-- \/wp:paragraph --><!-- wp:heading {\"level\":3} --><h3>Eingebettete Inhalte von anderen Websites<\/h3><!-- \/wp:heading --><!-- wp:paragraph --><p>Beitr\u00e4ge auf dieser Website k\u00f6nnen eingebettete Inhalte beinhalten (z.\u00a0B. Videos, Bilder, Beitr\u00e4ge etc.). Eingebettete Inhalte von anderen Websites verhalten sich exakt so, als ob der Besucher die andere Website besucht h\u00e4tte.<\/p><!-- \/wp:paragraph --><!-- wp:paragraph --><p>Diese Websites k\u00f6nnen Daten \u00fcber dich sammeln, Cookies benutzen, zus\u00e4tzliche Tracking-Dienste von Dritten einbetten und deine Interaktion mit diesem eingebetteten Inhalt aufzeichnen, inklusive deiner Interaktion mit dem eingebetteten Inhalt, falls du ein Konto hast und auf dieser Website angemeldet bist.<\/p><!-- \/wp:paragraph --><!-- wp:heading {\"level\":3} --><h3>Analysedienste<\/h3><!-- \/wp:heading --><!-- wp:heading --><h2>Mit wem wir deine Daten teilen<\/h2><!-- \/wp:heading --><!-- wp:heading --><h2>Wie lange wir deine Daten speichern<\/h2><!-- \/wp:heading --><!-- wp:paragraph --><p>Wenn du einen Kommentar schreibst, wird dieser inklusive Metadaten zeitlich unbegrenzt gespeichert. Auf diese Art k\u00f6nnen wir Folgekommentare automatisch erkennen und freigeben, anstelle sie in einer Moderations-Warteschlange festzuhalten.<\/p><!-- \/wp:paragraph --><!-- wp:paragraph --><p>F\u00fcr Benutzer, die sich auf unserer Website registrieren, speichern wir zus\u00e4tzlich die pers\u00f6nlichen Informationen, die sie in ihren Benutzerprofilen angeben. Alle Benutzer k\u00f6nnen jederzeit ihre pers\u00f6nlichen Informationen einsehen, ver\u00e4ndern oder l\u00f6schen (der Benutzername kann nicht ver\u00e4ndert werden). Administratoren der Website k\u00f6nnen diese Informationen ebenfalls einsehen und ver\u00e4ndern.<\/p><!-- \/wp:paragraph --><!-- wp:heading --><h2>Welche Rechte du an deinen Daten hast<\/h2><!-- \/wp:heading --><!-- wp:paragraph --><p>Wenn du ein Konto auf dieser Website besitzt oder Kommentare geschrieben hast, kannst du einen Export deiner personenbezogenen Daten bei uns anfordern, inklusive aller Daten, die du uns mitgeteilt hast. Dar\u00fcber hinaus kannst du die L\u00f6schung aller personenbezogenen Daten, die wir von dir gespeichert haben, anfordern. Dies umfasst nicht die Daten, die wir aufgrund administrativer, rechtlicher oder sicherheitsrelevanter Notwendigkeiten aufbewahren m\u00fcssen.<\/p><!-- \/wp:paragraph --><!-- wp:heading --><h2>Wohin wir deine Daten senden<\/h2><!-- \/wp:heading --><!-- wp:paragraph --><p>Besucher-Kommentare k\u00f6nnten von einem automatisierten Dienst zur Spam-Erkennung untersucht werden.<\/p><!-- \/wp:paragraph --><!-- wp:heading --><h2>Deine Kontakt-Informationen<\/h2><!-- \/wp:heading --><!-- wp:heading --><h2>Weitere Informationen<\/h2><!-- \/wp:heading --><!-- wp:heading {\"level\":3} --><h3>Wie wir deine Daten sch\u00fctzen<\/h3><!-- \/wp:heading --><!-- wp:heading {\"level\":3} --><h3>Welche Ma\u00dfnahmen wir bei Datenschutzverletzungen anbieten<\/h3><!-- \/wp:heading --><!-- wp:heading {\"level\":3} --><h3>Von welchen Drittanbietern wir Daten erhalten<\/h3><!-- \/wp:heading --><!-- wp:heading {\"level\":3} --><h3>Welche automatisierte Entscheidungsfindung und\/oder Profilerstellung wir mit Benutzerdaten durchf\u00fchren<\/h3><!-- \/wp:heading --><!-- wp:heading {\"level\":3} --><h3>Industrielle aufsichtsrechtliche Regulierungsanforderungen<\/h3><!-- \/wp:heading -->","_et_gb_content_width":"","_expiration-date-status":"","_expiration-date":0,"_expiration-date-type":"","_expiration-date-categories":[],"_expiration-date-options":[]},"acf":[],"_links":{"self":[{"href":"https:\/\/www.mado.de\/fr\/wp-json\/wp\/v2\/pages\/3882"}],"collection":[{"href":"https:\/\/www.mado.de\/fr\/wp-json\/wp\/v2\/pages"}],"about":[{"href":"https:\/\/www.mado.de\/fr\/wp-json\/wp\/v2\/types\/page"}],"author":[{"embeddable":true,"href":"https:\/\/www.mado.de\/fr\/wp-json\/wp\/v2\/users\/3"}],"replies":[{"embeddable":true,"href":"https:\/\/www.mado.de\/fr\/wp-json\/wp\/v2\/comments?post=3882"}],"version-history":[{"count":21,"href":"https:\/\/www.mado.de\/fr\/wp-json\/wp\/v2\/pages\/3882\/revisions"}],"predecessor-version":[{"id":10195,"href":"https:\/\/www.mado.de\/fr\/wp-json\/wp\/v2\/pages\/3882\/revisions\/10195"}],"wp:attachment":[{"href":"https:\/\/www.mado.de\/fr\/wp-json\/wp\/v2\/media?parent=3882"}],"curies":[{"name":"wp","href":"https:\/\/api.w.org\/{rel}","templated":true}]}}